{"id":2182,"date":"2020-07-22T16:21:36","date_gmt":"2020-07-22T14:21:36","guid":{"rendered":"https:\/\/istituti.swissbix.com\/index\/?page_id=2182"},"modified":"2026-08-22T10:55:26","modified_gmt":"2026-08-22T08:55:26","slug":"se-croglio","status":"publish","type":"page","link":"https:\/\/scuole-mmtp.ch\/index\/se-croglio\/","title":{"rendered":"Scuola Elementare di Croglio"},"content":{"rendered":"<p><div class=\"fusion-fullwidth fullwidth-box fusion-builder-row-1 nonhundred-percent-fullwidth non-hundred-percent-height-scrolling\" style=\"--awb-background-position:left top;--awb-border-sizes-top:0px;--awb-border-sizes-bottom:0px;--awb-border-sizes-left:0px;--awb-border-sizes-right:0px;--awb-border-radius-top-left:0px;--awb-border-radius-top-right:0px;--awb-border-radius-bottom-right:0px;--awb-border-radius-bottom-left:0px;--awb-padding-top:90px;--awb-padding-bottom:0px;--awb-background-color:#ffffff;--awb-flex-wrap:wrap;\" ><div class=\"fusion-builder-row fusion-row\"><div class=\"fusion-layout-column fusion_builder_column fusion-builder-column-0 fusion_builder_column_1_1 1_1 fusion-one-full fusion-column-first fusion-column-last\" style=\"--awb-bg-size:cover;\"><div class=\"fusion-column-wrapper fusion-column-has-shadow fusion-flex-column-wrapper-legacy\"><div class=\"fusion-text fusion-text-1\"><h2 style=\"text-align: left;\">Ultime comunicazioni<\/h2>\n<\/div><div class=\"fusion-text fusion-text-2\"><p style=\"font-size: 20px; text-align: left;\">Le ultime novit\u00e0 relative alla SE di Croglio.<\/p>\n<\/div><div class=\"fusion-sep-clear\"><\/div><div class=\"fusion-separator fusion-clearfix\" style=\"float:left;margin-top:15px;margin-bottom:45px;width:100%;max-width:170px;\"><div class=\"fusion-separator-border sep-single sep-solid\" style=\"--awb-height:20px;--awb-amount:20px;--awb-sep-color:#902632;border-color:#902632;border-top-width:1px;\"><\/div><\/div><div class=\"fusion-sep-clear\"><\/div><div class=\"fusion-recent-posts fusion-recent-posts-1 avada-container layout-date-on-side layout-columns-3 fusion-recent-posts-infinite fusion-recent-posts-load-more\" data-pages=\"5\"><section class=\"fusion-columns columns fusion-columns-3 columns-3\"><article class=\"post fusion-column column col col-lg-4 col-md-4 col-sm-4\"><div class=\"fusion-date-and-formats\"><div class=\"fusion-date-box updated\"><span class=\"fusion-date\">18<\/span><span class=\"fusion-month-year\">08, 2026<\/span><\/div><div class=\"fusion-format-box\"><i class=\"awb-icon-pen\" aria-hidden=\"true\"><\/i><\/div><\/div><div class=\"recent-posts-content\"><span class=\"vcard\" style=\"display: none;\"><span class=\"fn\"><a href=\"https:\/\/scuole-mmtp.ch\/index\/author\/sb_admin\/\" rel=\"author\">sb_admin<\/a><\/span><\/span><span class=\"updated\" style=\"display:none;\">2026-08-18T12:23:24+02:00<\/span><h4 class=\"entry-title\"><a href=\"https:\/\/scuole-mmtp.ch\/index\/istituto-di-tresa-lettera-per-le-famiglie\/\">Istituto di Tresa &#8211; Lettera per le famiglie<\/a><\/h4><p class=\"meta\"><span class=\"vcard\" style=\"display: none;\"><span class=\"fn\"><a href=\"https:\/\/scuole-mmtp.ch\/index\/author\/sb_admin\/\" rel=\"author\">sb_admin<\/a><\/span><\/span><span class=\"updated\" style=\"display:none;\">2026-08-18T12:23:24+02:00<\/span><\/p><p>Informazioni alle famiglie<\/p><\/div><\/article><article class=\"post fusion-column column col col-lg-4 col-md-4 col-sm-4\"><div class=\"fusion-date-and-formats\"><div class=\"fusion-date-box updated\"><span class=\"fusion-date\">10<\/span><span class=\"fusion-month-year\">08, 2026<\/span><\/div><div class=\"fusion-format-box\"><i class=\"awb-icon-pen\" aria-hidden=\"true\"><\/i><\/div><\/div><div class=\"recent-posts-content\"><span class=\"vcard\" style=\"display: none;\"><span class=\"fn\"><a href=\"https:\/\/scuole-mmtp.ch\/index\/author\/sb_admin\/\" rel=\"author\">sb_admin<\/a><\/span><\/span><span class=\"updated\" style=\"display:none;\">2026-08-13T10:19:04+02:00<\/span><h4 class=\"entry-title\"><a href=\"https:\/\/scuole-mmtp.ch\/index\/se-croglio-presa-di-contatto-allievi-di-3a\/\">SE Croglio &#8211; Presa di contatto allievi di 3a<\/a><\/h4><p class=\"meta\"><span class=\"vcard\" style=\"display: none;\"><span class=\"fn\"><a href=\"https:\/\/scuole-mmtp.ch\/index\/author\/sb_admin\/\" rel=\"author\">sb_admin<\/a><\/span><\/span><span class=\"updated\" style=\"display:none;\">2026-08-13T10:19:04+02:00<\/span><\/p><p>La maestra Barbara e la maestra Sara sono a disposizione venerd\u00ec 28 agosto tra le 09:00 e le 10:00 per una presa di contatto. Lettera della maestra<\/p><\/div><\/article><article class=\"post fusion-column column col col-lg-4 col-md-4 col-sm-4\"><div class=\"fusion-date-and-formats\"><div class=\"fusion-date-box updated\"><span class=\"fusion-date\">10<\/span><span class=\"fusion-month-year\">08, 2026<\/span><\/div><div class=\"fusion-format-box\"><i class=\"awb-icon-pen\" aria-hidden=\"true\"><\/i><\/div><\/div><div class=\"recent-posts-content\"><span class=\"vcard\" style=\"display: none;\"><span class=\"fn\"><a href=\"https:\/\/scuole-mmtp.ch\/index\/author\/sb_admin\/\" rel=\"author\">sb_admin<\/a><\/span><\/span><span class=\"updated\" style=\"display:none;\">2026-08-11T17:41:09+02:00<\/span><h4 class=\"entry-title\"><a href=\"https:\/\/scuole-mmtp.ch\/index\/se-croglio-presa-di-contatto-allievi-di-1a-2a\/\">SE Croglio &#8211; Presa di contatto allievi di 1a-2a<\/a><\/h4><p class=\"meta\"><span class=\"vcard\" style=\"display: none;\"><span class=\"fn\"><a href=\"https:\/\/scuole-mmtp.ch\/index\/author\/sb_admin\/\" rel=\"author\">sb_admin<\/a><\/span><\/span><span class=\"updated\" style=\"display:none;\">2026-08-11T17:41:09+02:00<\/span><\/p><p>Le maestre Clea e Chiara sono a disposizione per una presa di contatto per gli allievi di 1a-2a elementare, marted\u00ec 25 agosto alle ore 10:00 Lettera delle maestre<\/p><\/div><\/article><article class=\"post fusion-column column col col-lg-4 col-md-4 col-sm-4\"><div class=\"fusion-date-and-formats\"><div class=\"fusion-date-box updated\"><span class=\"fusion-date\">10<\/span><span class=\"fusion-month-year\">08, 2026<\/span><\/div><div class=\"fusion-format-box\"><i class=\"awb-icon-pen\" aria-hidden=\"true\"><\/i><\/div><\/div><div class=\"recent-posts-content\"><span class=\"vcard\" style=\"display: none;\"><span class=\"fn\"><a href=\"https:\/\/scuole-mmtp.ch\/index\/author\/sb_admin\/\" rel=\"author\">sb_admin<\/a><\/span><\/span><span class=\"updated\" style=\"display:none;\">2026-08-11T17:42:11+02:00<\/span><h4 class=\"entry-title\"><a href=\"https:\/\/scuole-mmtp.ch\/index\/se-croglio-colazione-dinizio-anno-scolastico\/\">SE Croglio &#8211; Colazione d&#8217;inizio anno scolastico<\/a><\/h4><p class=\"meta\"><span class=\"vcard\" style=\"display: none;\"><span class=\"fn\"><a href=\"https:\/\/scuole-mmtp.ch\/index\/author\/sb_admin\/\" rel=\"author\">sb_admin<\/a><\/span><\/span><span class=\"updated\" style=\"display:none;\">2026-08-11T17:42:11+02:00<\/span><\/p><p>Le maestre invitano i genitori e i bambini alla colazione d'inizio anno che si terr\u00e0 alla scuola elementare di Croglio il 31 agosto alle 08:15 Lettera delle maestre \u00a0<\/p><\/div><\/article><article class=\"post fusion-column column col col-lg-4 col-md-4 col-sm-4\"><div class=\"fusion-date-and-formats\"><div class=\"fusion-date-box updated\"><span class=\"fusion-date\">27<\/span><span class=\"fusion-month-year\">05, 2026<\/span><\/div><div class=\"fusion-format-box\"><i class=\"awb-icon-pen\" aria-hidden=\"true\"><\/i><\/div><\/div><div class=\"recent-posts-content\"><span class=\"vcard\" style=\"display: none;\"><span class=\"fn\"><a href=\"https:\/\/scuole-mmtp.ch\/index\/author\/sb_admin\/\" rel=\"author\">sb_admin<\/a><\/span><\/span><span class=\"updated\" style=\"display:none;\">2026-05-27T15:47:19+02:00<\/span><h4 class=\"entry-title\"><a href=\"https:\/\/scuole-mmtp.ch\/index\/attivita-extrascolastiche-ed-estive\/\">Attivit\u00e0 extrascolastiche ed estive<\/a><\/h4><p class=\"meta\"><span class=\"vcard\" style=\"display: none;\"><span class=\"fn\"><a href=\"https:\/\/scuole-mmtp.ch\/index\/author\/sb_admin\/\" rel=\"author\">sb_admin<\/a><\/span><\/span><span class=\"updated\" style=\"display:none;\">2026-05-27T15:47:19+02:00<\/span><\/p><p>Segnaliamo alcune nuove proposte: Corsi di nuoto I Grappoli di Sessa - Estate 2026 Vivere il bosco - Una settimana al ritmo della natura Colonia estiva Sementina Segnalo inoltre il sito: Ticino per bambini con molte proposte per l'estate. Ulteriori proposte sono presenti nella sezione del sito della direzione dedicata alle attivit\u00e0 extrascolastiche. Alcune sono gi\u00e0 scadute da tempo ma hanno i riferimenti per contattare ev. gli organizzatori... \u00a0<\/p><\/div><\/article><article class=\"post fusion-column column col col-lg-4 col-md-4 col-sm-4\"><div class=\"fusion-date-and-formats\"><div class=\"fusion-date-box updated\"><span class=\"fusion-date\">6<\/span><span class=\"fusion-month-year\">05, 2026<\/span><\/div><div class=\"fusion-format-box\"><i class=\"awb-icon-pen\" aria-hidden=\"true\"><\/i><\/div><\/div><div class=\"recent-posts-content\"><span class=\"vcard\" style=\"display: none;\"><span class=\"fn\"><a href=\"https:\/\/scuole-mmtp.ch\/index\/author\/sb_admin\/\" rel=\"author\">sb_admin<\/a><\/span><\/span><span class=\"updated\" style=\"display:none;\">2026-05-06T11:38:28+02:00<\/span><h4 class=\"entry-title\"><a href=\"https:\/\/scuole-mmtp.ch\/index\/assegnazione-sezioni-as-2026-27\/\">Assegnazione sezioni AS 2026-27<\/a><\/h4><p class=\"meta\"><span class=\"vcard\" style=\"display: none;\"><span class=\"fn\"><a href=\"https:\/\/scuole-mmtp.ch\/index\/author\/sb_admin\/\" rel=\"author\">sb_admin<\/a><\/span><\/span><span class=\"updated\" style=\"display:none;\">2026-05-06T11:38:28+02:00<\/span><\/p><p>Lettera per le famiglie<\/p><\/div><\/article><article class=\"post fusion-column column col col-lg-4 col-md-4 col-sm-4\"><div class=\"fusion-date-and-formats\"><div class=\"fusion-date-box updated\"><span class=\"fusion-date\">28<\/span><span class=\"fusion-month-year\">04, 2026<\/span><\/div><div class=\"fusion-format-box\"><i class=\"awb-icon-pen\" aria-hidden=\"true\"><\/i><\/div><\/div><div class=\"recent-posts-content\"><span class=\"vcard\" style=\"display: none;\"><span class=\"fn\"><a href=\"https:\/\/scuole-mmtp.ch\/index\/author\/sb_admin\/\" rel=\"author\">sb_admin<\/a><\/span><\/span><span class=\"updated\" style=\"display:none;\">2026-04-28T19:48:06+02:00<\/span><h4 class=\"entry-title\"><a href=\"https:\/\/scuole-mmtp.ch\/index\/tenero-26-29-maggio-2026\/\">Tenero 26-29 maggio 2026<\/a><\/h4><p class=\"meta\"><span class=\"vcard\" style=\"display: none;\"><span class=\"fn\"><a href=\"https:\/\/scuole-mmtp.ch\/index\/author\/sb_admin\/\" rel=\"author\">sb_admin<\/a><\/span><\/span><span class=\"updated\" style=\"display:none;\">2026-04-28T19:48:06+02:00<\/span><\/p><p>Scuola fuori sede per le classi di 3a, 4a e 5a elementare di Croglio Presentazione per le famiglie<\/p><\/div><\/article><article class=\"post fusion-column column col col-lg-4 col-md-4 col-sm-4\"><div class=\"fusion-date-and-formats\"><div class=\"fusion-date-box updated\"><span class=\"fusion-date\">25<\/span><span class=\"fusion-month-year\">04, 2026<\/span><\/div><div class=\"fusion-format-box\"><i class=\"awb-icon-pen\" aria-hidden=\"true\"><\/i><\/div><\/div><div class=\"recent-posts-content\"><span class=\"vcard\" style=\"display: none;\"><span class=\"fn\"><a href=\"https:\/\/scuole-mmtp.ch\/index\/author\/sb_admin\/\" rel=\"author\">sb_admin<\/a><\/span><\/span><span class=\"updated\" style=\"display:none;\">2026-04-25T11:40:44+02:00<\/span><h4 class=\"entry-title\"><a href=\"https:\/\/scuole-mmtp.ch\/index\/domenica-insieme-5\/\">Domenica insieme<\/a><\/h4><p class=\"meta\"><span class=\"vcard\" style=\"display: none;\"><span class=\"fn\"><a href=\"https:\/\/scuole-mmtp.ch\/index\/author\/sb_admin\/\" rel=\"author\">sb_admin<\/a><\/span><\/span><span class=\"updated\" style=\"display:none;\">2026-04-25T11:40:44+02:00<\/span><\/p><p>Si rinnova l'invito alle famiglie da parte dell'associazione Prometheus e del gruppo genitori di Tresa, in collaborazione con il comune di Tresa, a partecipare all'iniziativa domenica insieme; momenti di condivisione che si svolgeranno presso la palestra del Centro L\u00fcsc. Locandina e invito<\/p><\/div><\/article><article class=\"post fusion-column column col col-lg-4 col-md-4 col-sm-4\"><div class=\"fusion-date-and-formats\"><div class=\"fusion-date-box updated\"><span class=\"fusion-date\">17<\/span><span class=\"fusion-month-year\">04, 2026<\/span><\/div><div class=\"fusion-format-box\"><i class=\"awb-icon-pen\" aria-hidden=\"true\"><\/i><\/div><\/div><div class=\"recent-posts-content\"><span class=\"vcard\" style=\"display: none;\"><span class=\"fn\"><a href=\"https:\/\/scuole-mmtp.ch\/index\/author\/sb_admin\/\" rel=\"author\">sb_admin<\/a><\/span><\/span><span class=\"updated\" style=\"display:none;\">2026-04-17T15:40:01+02:00<\/span><h4 class=\"entry-title\"><a href=\"https:\/\/scuole-mmtp.ch\/index\/littering-aggiornamento\/\">Littering &#8211; Aggiornamento<\/a><\/h4><p class=\"meta\"><span class=\"vcard\" style=\"display: none;\"><span class=\"fn\"><a href=\"https:\/\/scuole-mmtp.ch\/index\/author\/sb_admin\/\" rel=\"author\">sb_admin<\/a><\/span><\/span><span class=\"updated\" style=\"display:none;\">2026-04-17T15:40:01+02:00<\/span><\/p><p>Informiamo i genitori che marted\u00ec 21 aprile il pranzo sar\u00e0 offerto a tutti i bambini di scuola elementare, anche nel caso le condizioni meteo non permettessero lo svolgimento dell'attivit\u00e0 sul Littering. Tutti i bambini rimarranno quindi a pranzo presso il centro scolastico L\u00fcsc. Le commissioni di quartiere informano che \u00e8 possibile la presenza degli organi di stampa per documentare l'attivit\u00e0. I genitori che non desiderano che il proprio figlio o la propria figlia sia eventualmente ripresa sono invitati a comunicarlo alla rispettiva docente. \u00a0 lettera alle famiglie.<\/p><\/div><\/article><\/section><div class=\"fusion-infinite-scroll-trigger\"><\/div><div class=\"pagination infinite-scroll clearfix\" style=\"display:none;\"><span class=\"current\">1<\/span><a href=\"https:\/\/scuole-mmtp.ch\/index\/wp-json\/wp\/v2\/pages\/2182\/page\/2\/\" class=\"inactive\">2<\/a><a class=\"pagination-next\" rel=\"next\" href=\"https:\/\/scuole-mmtp.ch\/index\/wp-json\/wp\/v2\/pages\/2182\/page\/2\/\"><span class=\"page-text\">Prossimo<\/span><span class=\"page-next\"><\/span><\/a><\/div><div class=\"fusion-clearfix\"><\/div><button class=\"fusion-load-more-button fusion-blog-button fusion-clearfix\">Carica altri articoli<\/button><\/div><div class=\"fusion-clearfix\"><\/div><\/div><\/div><\/div><\/div><div class=\"fusion-fullwidth fullwidth-box fusion-builder-row-2 nonhundred-percent-fullwidth non-hundred-percent-height-scrolling\" style=\"--awb-background-position:left top;--awb-border-sizes-top:0px;--awb-border-sizes-bottom:0px;--awb-border-sizes-left:0px;--awb-border-sizes-right:0px;--awb-border-radius-top-left:0px;--awb-border-radius-top-right:0px;--awb-border-radius-bottom-right:0px;--awb-border-radius-bottom-left:0px;--awb-padding-top:0px;--awb-padding-bottom:0px;--awb-background-color:#ffffff;--awb-flex-wrap:wrap;\" ><div class=\"fusion-builder-row fusion-row\"><div class=\"fusion-layout-column fusion_builder_column fusion-builder-column-1 fusion_builder_column_1_1 1_1 fusion-one-full fusion-column-first fusion-column-last\" style=\"--awb-bg-size:cover;\"><div class=\"fusion-column-wrapper fusion-column-has-shadow fusion-flex-column-wrapper-legacy\"><div class=\"fusion-sep-clear\"><\/div><div class=\"fusion-separator fusion-full-width-sep\" style=\"margin-left: auto;margin-right: auto;margin-bottom:50px;width:100%;\"><div class=\"fusion-separator-border sep-single sep-solid\" style=\"--awb-height:20px;--awb-amount:20px;--awb-sep-color:#ede8e8;border-color:#ede8e8;border-top-width:1px;\"><\/div><\/div><div class=\"fusion-sep-clear\"><\/div><div class=\"fusion-clearfix\"><\/div><\/div><\/div><div class=\"fusion-layout-column fusion_builder_column fusion-builder-column-2 fusion_builder_column_1_3 1_3 fusion-one-third fusion-column-first\" style=\"--awb-bg-size:cover;width:30.6666%; margin-right: 4%;\"><div class=\"fusion-column-wrapper fusion-flex-column-wrapper-legacy\"><div class=\"fusion-text fusion-text-3\"><h2 style=\"text-align: left;\">Documenti della scuola<\/h2>\n<\/div><div class=\"fusion-text fusion-text-4\"><p style=\"font-size: 20px; text-align: left;\">Documenti utili per i genitori.<\/p>\n<\/div><div class=\"fusion-sep-clear\"><\/div><div class=\"fusion-separator fusion-clearfix\" style=\"float:left;margin-top:15px;margin-bottom:45px;width:100%;max-width:170px;\"><div class=\"fusion-separator-border sep-single sep-solid\" style=\"--awb-height:20px;--awb-amount:20px;--awb-sep-color:#902632;border-color:#902632;border-top-width:1px;\"><\/div><\/div><div class=\"fusion-sep-clear\"><\/div><div class=\"fusion-button-wrapper fusion-align-block fusion-align-inline-medium\"><a class=\"fusion-button button-flat fusion-button-default-size button-default fusion-button-default button-1 fusion-button-default-span fusion-button-default-type\" target=\"_blank\" rel=\"noopener noreferrer\" href=\"https:\/\/scuole-mmtp.ch\/index\/wp-content\/uploads\/2026\/08\/Lettera-alle-famiglie-17.8.2026-Rettificata.pdf\"><span class=\"fusion-button-text awb-button__text awb-button__text--default\">Lettera della direzione AS 2026\/27<\/span><\/a><\/div><div class=\"fusion-clearfix\"><\/div><\/div><\/div><div class=\"fusion-layout-column fusion_builder_column fusion-builder-column-3 fusion_builder_column_1_3 1_3 fusion-one-third\" style=\"--awb-bg-size:cover;width:30.6666%; margin-right: 4%;\" data-scroll-devices=\"small-visibility,medium-visibility,large-visibility\"><div class=\"fusion-column-wrapper fusion-column-has-shadow fusion-flex-column-wrapper-legacy\"><div class=\"fusion-text fusion-text-5\"><h2 style=\"text-align: left;\">Documenti generali<\/h2>\n<\/div><div class=\"fusion-text fusion-text-6\"><p style=\"font-size: 20px; text-align: left;\">Documenti comuni alle sedi scolastiche<\/p>\n<\/div><div class=\"fusion-sep-clear\"><\/div><div class=\"fusion-separator fusion-clearfix\" style=\"float:left;margin-top:15px;margin-bottom:45px;width:100%;max-width:170px;\"><div class=\"fusion-separator-border sep-single sep-solid\" style=\"--awb-height:20px;--awb-amount:20px;--awb-sep-color:#902632;border-color:#902632;border-top-width:1px;\"><\/div><\/div><div class=\"fusion-sep-clear\"><\/div><div class=\"fusion-button-wrapper fusion-align-block\"><a class=\"fusion-button button-flat fusion-button-default-size button-default fusion-button-default button-2 fusion-button-default-span fusion-button-default-type\" target=\"_blank\" rel=\"noopener noreferrer\" href=\"https:\/\/www4.ti.ch\/fileadmin\/DSS\/DSP\/UMC\/medicina_scolastica\/Certificato_entrata_scuola_dell_infanzia.pdf\"><span class=\"fusion-button-text awb-button__text awb-button__text--default\">Certificato medico d\u2019entrata SI<\/span><\/a><\/div><div class=\"fusion-sep-clear\"><\/div><div class=\"fusion-separator fusion-full-width-sep\" style=\"margin-left: auto;margin-right: auto;margin-top:10px;width:100%;\"><\/div><div class=\"fusion-sep-clear\"><\/div><div class=\"fusion-button-wrapper fusion-align-block fusion-align-inline-medium\"><a class=\"fusion-button button-flat fusion-button-default-size button-default fusion-button-default button-3 fusion-button-default-span fusion-button-default-type\" target=\"_blank\" rel=\"noopener noreferrer\" href=\"https:\/\/scuole-mmtp.ch\/index\/wp-content\/uploads\/2026\/08\/2026_Certificato_educazione-fisica.pdf\"><span class=\"fusion-button-text awb-button__text awb-button__text--default\">Certificato medico educazione fisica<\/span><\/a><\/div><div class=\"fusion-sep-clear\"><\/div><div class=\"fusion-separator fusion-full-width-sep\" style=\"margin-left: auto;margin-right: auto;margin-top:10px;width:100%;\"><\/div><div class=\"fusion-sep-clear\"><\/div><div class=\"fusion-button-wrapper fusion-align-block\"><a class=\"fusion-button button-flat fusion-button-default-size button-default fusion-button-default button-4 fusion-button-default-span fusion-button-default-type\" target=\"_blank\" rel=\"noopener noreferrer\" href=\"https:\/\/scuole-mmtp.ch\/index\/wp-content\/uploads\/2020\/09\/pieghevoleSSP-def-corr-stampa-docenti.pdf\"><span class=\"fusion-button-text awb-button__text awb-button__text--default\">Servizio di sostegno pedagogico<\/span><\/a><\/div><div class=\"fusion-sep-clear\"><\/div><div class=\"fusion-separator fusion-full-width-sep\" style=\"margin-left: auto;margin-right: auto;margin-top:10px;width:100%;\"><\/div><div class=\"fusion-sep-clear\"><\/div><div class=\"fusion-button-wrapper fusion-align-block\"><a class=\"fusion-button button-flat fusion-button-default-size button-default fusion-button-default button-5 fusion-button-default-span fusion-button-default-type\" target=\"_blank\" rel=\"noopener noreferrer\" href=\"https:\/\/www.rsi.ch\/edu\/societa\/Cos%E2%80%99%C3%A8-un-piano-di-studio--2236845.html\"><span class=\"fusion-button-text awb-button__text awb-button__text--default\">Cos\u2019\u00e8 un piano di studio?<\/span><\/a><\/div><div class=\"fusion-sep-clear\"><\/div><div class=\"fusion-separator fusion-full-width-sep\" style=\"margin-left: auto;margin-right: auto;margin-top:10px;width:100%;\"><\/div><div class=\"fusion-sep-clear\"><\/div><div class=\"fusion-sep-clear\"><\/div><div class=\"fusion-separator fusion-full-width-sep\" style=\"margin-left: auto;margin-right: auto;margin-top:10px;width:100%;\"><\/div><div class=\"fusion-sep-clear\"><\/div><div class=\"fusion-sep-clear\"><\/div><div class=\"fusion-separator fusion-full-width-sep\" style=\"margin-left: auto;margin-right: auto;margin-top:10px;width:100%;\"><\/div><div class=\"fusion-sep-clear\"><\/div><div class=\"fusion-sep-clear\"><\/div><div class=\"fusion-separator fusion-full-width-sep\" style=\"margin-left: auto;margin-right: auto;margin-top:10px;width:100%;\"><\/div><div class=\"fusion-sep-clear\"><\/div><div class=\"fusion-sep-clear\"><\/div><div class=\"fusion-separator fusion-full-width-sep\" style=\"margin-left: auto;margin-right: auto;margin-top:10px;width:100%;\"><\/div><div class=\"fusion-sep-clear\"><\/div><div class=\"fusion-sep-clear\"><\/div><div class=\"fusion-separator fusion-full-width-sep\" style=\"margin-left: auto;margin-right: auto;margin-top:10px;width:100%;\"><\/div><div class=\"fusion-sep-clear\"><\/div><div class=\"fusion-button-wrapper fusion-align-block fusion-align-inline-medium\"><a class=\"fusion-button button-flat fusion-button-default-size button-default fusion-button-default button-6 fusion-button-default-span fusion-button-default-type\" target=\"_blank\" rel=\"noopener noreferrer\" href=\"https:\/\/scuole-mmtp.ch\/index\/wp-content\/uploads\/2026\/01\/Informazioni-per-i-genitori-Iscrizioni-SI-MMTP-2026-27.pdf\"><span class=\"fusion-button-text awb-button__text awb-button__text--default\">Presentazione Lema, Tresa, Pura iscrizioni SI AS 2026-27<\/span><\/a><\/div><div class=\"fusion-clearfix\"><\/div><\/div><\/div>\n<div class=\"fusion-layout-column fusion_builder_column fusion-builder-column-4 fusion_builder_column_1_3 1_3 fusion-one-third fusion-column-last\" style=\"--awb-bg-size:cover;--awb-margin-bottom:6%;width:30.6666%;\"><div class=\"fusion-column-wrapper fusion-column-has-shadow fusion-flex-column-wrapper-legacy\"><div class=\"fusion-text fusion-text-7\"><h2 style=\"text-align: left;\">Collegamenti utili<\/h2>\n<\/div><div class=\"fusion-text fusion-text-8\"><p style=\"font-size: 20px; text-align: left;\">Risorse utili per docenti e genitori.<\/p>\n<\/div><div class=\"fusion-sep-clear\"><\/div><div class=\"fusion-separator fusion-clearfix\" style=\"float:left;margin-top:15px;margin-bottom:45px;width:100%;max-width:170px;\"><div class=\"fusion-separator-border sep-single sep-solid\" style=\"--awb-height:20px;--awb-amount:20px;--awb-sep-color:#902632;border-color:#902632;border-top-width:1px;\"><\/div><\/div><div class=\"fusion-sep-clear\"><\/div><div class=\"fusion-text fusion-text-9\"><ul>\n<li><a href=\"https:\/\/www4.ti.ch\/decs\/ds\/cosa-facciamo\/piano-di-studio-della-scuola-dellobbligo\/\" target=\"_blank\" rel=\"noopener noreferrer\">Piano di studio<\/a><\/li>\n<li><a href=\"https:\/\/scuolalab.edu.ti.ch\/temieprogetti\/pds\/Pagine\/SeSCo\/Apprendere-per-competenze.aspx\">Apprendere per competenze<\/a><\/li>\n<li><a href=\"https:\/\/scuolalab.edu.ti.ch\/officina\/sesco\/disposizioni\">Disposizioni per insegnanti<\/a><\/li>\n<li><a href=\"https:\/\/www4.ti.ch\/decs\/ds\/sim\/cosa-facciamo\/difficolta-di-apprendimento\/sostegno-pedagogico\/\" target=\"_blank\" rel=\"noopener noreferrer\">Servizio di sostegno pedagogico<\/a><\/li>\n<li><a href=\"https:\/\/scuole-mmtp.ch\/index\/wp-content\/uploads\/2024\/09\/200929-flyer_arld_a4_italien_24sept2020.pdf\">Come sviluppare il linguaggio<\/a><\/li>\n<li><a href=\"https:\/\/www4.ti.ch\/fileadmin\/DSS\/DSP\/UMC\/medicina_scolastica\/Misure_sanitarie\/Progetto_di_accoglienza_individualizzato_con_moduli.pdf\">PAI \u2013 Progetto di accoglienza individualizzato<\/a><\/li>\n<li><a href=\"https:\/\/www4.ti.ch\/decs\/cosa-facciamo\/calendario-scolastico\/2024-2025\" target=\"_blank\" rel=\"noopener noreferrer\">Calendari scolastici ufficiali<\/a><\/li>\n<li><a href=\"https:\/\/www4.ti.ch\/dss\/dsp\/umc\/cosa-facciamo\/medicina-scolastica\/raccomandazioni\/\" target=\"_blank\" rel=\"noopener noreferrer\">Opuscoli e direttive di medicina scolastica<\/a><\/li>\n<li><a href=\"https:\/\/www4.ti.ch\/dss\/dsp\/umc\/cosa-facciamo\/medicina-scolastica\/certificati-medici\/\" target=\"_blank\" rel=\"noopener noreferrer\">Certificati ufficiali per i genitori<\/a><\/li>\n<li><a href=\"https:\/\/www4.ti.ch\/decs\/ds\/sesco\/sportello\/formulari-e-moduli\/\" target=\"_blank\" rel=\"noopener noreferrer\">Sezione scuole comunali \u2013 Formulari e moduli<\/a><\/li>\n<li><a href=\"https:\/\/www4.ti.ch\/index.php?id=127815&amp;tx_tichdssdasfcontatti_categoriericerca&#091;parole&#093;=&amp;tx_tichdssdasfcontatti_categoriericerca&#091;tema&#093;=18&amp;tx_tichdssdasfcontatti_categoriericerca&#091;categoria&#093;=26&amp;tx_tichdssdasfcontatti_categoriericerca&#091;regione&#093;=12\">Famiglia \u2013 Lavoro \u2013 Formazione<\/a><\/li>\n<li><a href=\"https:\/\/famigliediurne.ch\/chi-siamo\/luganese\/\">Associazione famiglie diurne<\/a><\/li>\n<li><a href=\"https:\/\/www.agapeticino.com\/\">Associazione AGAPE<\/a><\/li>\n<li><a href=\"https:\/\/www.giovaniemedia.ch\/media-digitali\">Media e giovani<\/a><\/li>\n<\/ul>\n<\/div><div class=\"fusion-sep-clear\"><\/div><div class=\"fusion-separator fusion-full-width-sep\" style=\"margin-left: auto;margin-right: auto;margin-top:10px;width:100%;\"><\/div><div class=\"fusion-sep-clear\"><\/div><div class=\"fusion-clearfix\"><\/div><\/div><\/div>\n<\/div><\/div><div class=\"fusion-fullwidth fullwidth-box fusion-builder-row-3 hundred-percent-fullwidth non-hundred-percent-height-scrolling\" style=\"--awb-border-radius-top-left:0px;--awb-border-radius-top-right:0px;--awb-border-radius-bottom-right:0px;--awb-border-radius-bottom-left:0px;--awb-background-color:#f7f5f4;--awb-flex-wrap:wrap;\" ><div class=\"fusion-builder-row fusion-row\"><div class=\"fusion-layout-column fusion_builder_column fusion-builder-column-5 fusion_builder_column_1_1 1_1 fusion-one-full fusion-column-first fusion-column-last fusion-column-no-min-height\" style=\"--awb-bg-size:cover;--awb-margin-top:0px;--awb-margin-bottom:20px;\"><div class=\"fusion-column-wrapper fusion-flex-column-wrapper-legacy\"><div class=\"fusion-section-separator section-separator bigtriangle fusion-section-separator-1\" style=\"--awb-spacer-height:99px;--awb-svg-margin-left:0;--awb-svg-margin-right:0;--awb-divider-height:99px;--awb-spacer-padding-top:inherit;--awb-sep-padding:0;--awb-svg-padding:0;\"><div class=\"fusion-section-separator-svg\"><svg class=\"fusion-big-triangle-candy\" xmlns=\"http:\/\/www.w3.org\/2000\/svg\" version=\"1.1\" width=\"100%\" height=\"100\" viewBox=\"0 0 100 100\" preserveAspectRatio=\"none\" fill=\"rgba(255,255,255,1)\"><path d=\"M-1 -1 L50 99 L101 -1 Z\"><\/path><\/svg><\/div><div class=\"fusion-section-separator-spacer\"><div class=\"fusion-section-separator-spacer-height\"><\/div><\/div><\/div><div class=\"fusion-clearfix\"><\/div><\/div><\/div><\/div><\/div><div class=\"fusion-fullwidth fullwidth-box fusion-builder-row-4 nonhundred-percent-fullwidth non-hundred-percent-height-scrolling fusion-equal-height-columns\" style=\"--awb-background-position:left top;--awb-border-sizes-top:0px;--awb-border-sizes-bottom:0px;--awb-border-sizes-left:0px;--awb-border-sizes-right:0px;--awb-border-radius-top-left:0px;--awb-border-radius-top-right:0px;--awb-border-radius-bottom-right:0px;--awb-border-radius-bottom-left:0px;--awb-padding-top:4%;--awb-padding-bottom:125px;--awb-background-color:#f7f5f4;--awb-flex-wrap:wrap;\" ><div class=\"fusion-builder-row fusion-row\"><div class=\"fusion-layout-column fusion_builder_column fusion-builder-column-6 fusion_builder_column_1_4 1_4 fusion-one-fourth fusion-column-first\" style=\"--awb-bg-size:cover;width:22%; margin-right: 4%;\"><div class=\"fusion-column-wrapper fusion-column-has-shadow fusion-flex-column-wrapper-legacy\"><div class=\"fusion-text fusion-text-10\"><h3>CONTATTI<\/h3>\n<\/div><div class=\"fusion-text fusion-text-11\"><p>Scuola Elementare<br \/>\nVia L\u00fcsc<br \/>\n6980 Castelrotto<br \/>\nTel. <a href=\"tel:0041916082475\" target=\"_blank\" rel=\"noopener noreferrer\">091 608 24 75<\/a><\/p>\n<\/div><div class=\"fusion-sep-clear\"><\/div><div class=\"fusion-separator fusion-full-width-sep\" style=\"margin-left: auto;margin-right: auto;margin-top:20px;width:100%;\"><\/div><div class=\"fusion-sep-clear\"><\/div><div class=\"fusion-text fusion-text-12\"><h3>CANCELLERIE COMUNALI<\/h3>\n<\/div><div class=\"fusion-text fusion-text-13\"><p>Vai al <a href=\"http:\/\/www.tresa.ch\" target=\"_blank\" rel=\"noopener noreferrer\">sito del Comune di Tresa<\/a>.<\/p>\n<\/div><div class=\"fusion-clearfix\"><\/div><\/div><\/div><div class=\"fusion-layout-column fusion_builder_column fusion-builder-column-7 fusion_builder_column_1_4 1_4 fusion-one-fourth\" style=\"--awb-bg-size:cover;width:22%; margin-right: 4%;\"><div class=\"fusion-column-wrapper fusion-column-has-shadow fusion-flex-column-wrapper-legacy\"><div class=\"fusion-text fusion-text-14\"><h3>ORARI<\/h3>\n<\/div><div class=\"fusion-text fusion-text-15\"><p>Inizio mattino <strong>08.15<br \/>\n<\/strong>Pausa<strong> 9.45 &#8211; 10.00<\/strong><br \/>\nFine mattino <strong>11.30<\/strong><br \/>\nInizio pomeriggio<strong> 13.30<br \/>\n<\/strong>Pausa <strong>15.00 &#8211; 15.15<\/strong><br \/>\nFine pomeriggio <strong>16.00<\/strong><\/p>\n<\/div><div class=\"fusion-clearfix\"><\/div><\/div><\/div><div class=\"fusion-layout-column fusion_builder_column fusion-builder-column-8 fusion_builder_column_1_4 1_4 fusion-one-fourth\" style=\"--awb-bg-size:cover;width:22%; margin-right: 4%;\"><div class=\"fusion-column-wrapper fusion-column-has-shadow fusion-flex-column-wrapper-legacy\"><div class=\"fusion-text fusion-text-16\"><h3>INSEGNANTI<\/h3>\n<\/div><div class=\"fusion-text fusion-text-17\"><p>Primo ciclo SE (1a e 2a)<br \/>\nma. Chiara Mini (<a href=\"mailto:chiara.mini@edu.ti.ch\" target=\"_blank\" rel=\"noopener noreferrer\">mail<\/a>)<br \/>\nma. Clea Negri (<a href=\"mailto:clea.negri@edu.ti.ch\" target=\"_blank\" rel=\"noopener noreferrer\">mail<\/a>)<\/p>\n<p>3a<br \/>\nma. Barbara Cistaro (<a href=\"mailto:barbara.cistaro@edu.ti.ch\" target=\"_blank\" rel=\"noopener noreferrer\">mail<\/a>)<br \/>\nma. Sara Valadares Costa (<a href=\"mailto:sara.valadarescosta@edu.ti.ch\" target=\"_blank\" rel=\"noopener noreferrer\">mail<\/a>)<\/p>\n<p>4a<br \/>\nma. Laura Caravati<em> (<a href=\"mailto:laura.caravati@edu.ti.ch\" target=\"_blank\" rel=\"noopener noreferrer\">mail<\/a>)<\/em><\/p>\n<p>5a<br \/>\nma. Sarah Kunz (<a href=\"mailto:sarah.kunz@edu.ti.ch\" target=\"_blank\" rel=\"noopener noreferrer\">mail<\/a>)<\/p>\n<p>Educazione Fisica<br \/>\nma. Stefania Boniotto (<a href=\"mailto:stefania.boniotto@edu.ti.ch\" target=\"_blank\" rel=\"noopener noreferrer\">mail<\/a>)<br \/>\nma. Jasmine Radaelli (<a href=\"mailto:jasmin.radaelli@edu.ti.ch\">mail<\/a>)<\/p>\n<p>Educazione alle arti plastiche<br \/>\nma.\u00a0 (<a href=\"mailto:mariagrazia.cugno@edu.ti.ch\" target=\"_blank\" rel=\"noopener noreferrer\">mail<\/a>)<br \/>\nma. Monica Bulloni-Zarri (<a href=\"mailto:monica.bulloni@edu.ti.ch\" target=\"_blank\" rel=\"noopener noreferrer\">mail<\/a>)<\/p>\n<p>Educazione musicale<br \/>\nmo. Giorgio Borsani (<a href=\"mailto:giorgio.borsani@edu.ti.ch\" target=\"_blank\" rel=\"noopener noreferrer\">mail<\/a>)<\/p>\n<p>DSP<br \/>\nEleonora Vaia-Motta (<a href=\"mailto:eleonora.motta@edu.ti.ch\" target=\"_blank\" rel=\"noopener noreferrer\">mail<\/a>)<br \/>\nAlberto Zumstein (<a href=\"mailto:alberto.zumstein@edu.ti.ch\" target=\"_blank\" rel=\"noopener noreferrer\">mail<\/a>)<\/p>\n<\/div><div class=\"fusion-clearfix\"><\/div><\/div><\/div><div class=\"fusion-layout-column fusion_builder_column fusion-builder-column-9 fusion_builder_column_1_4 1_4 fusion-one-fourth fusion-column-last\" style=\"--awb-bg-size:cover;width:22%;\"><div class=\"fusion-column-wrapper fusion-column-has-shadow fusion-flex-column-wrapper-legacy\"><div class=\"fusion-text fusion-text-18\"><h3>IMMAGINI<\/h3>\n<\/div><div class=\"fusion-text fusion-text-19\"><p>Una selezione di immagini dell&#8217;istituto (presto online).<\/p>\n<\/div><div class=\"awb-gallery-wrapper awb-gallery-wrapper-1 button-span-no\"><div style=\"margin:-5px;--awb-bordersize:0px;\" class=\"fusion-gallery fusion-gallery-container fusion-grid-2 fusion-columns-total-0 fusion-gallery-layout-grid fusion-gallery-1\"><\/div><\/div><div class=\"fusion-clearfix\"><\/div><\/div><\/div><\/div><\/div><\/p>\n","protected":false},"excerpt":{"rendered":"","protected":false},"author":1,"featured_media":0,"parent":0,"menu_order":0,"comment_status":"closed","ping_status":"closed","template":"100-width.php","meta":{"footnotes":""},"class_list":["post-2182","page","type-page","status-publish","hentry"],"post_mailing_queue_ids":[],"_links":{"self":[{"href":"https:\/\/scuole-mmtp.ch\/index\/wp-json\/wp\/v2\/pages\/2182","targetHints":{"allow":["GET"]}}],"collection":[{"href":"https:\/\/scuole-mmtp.ch\/index\/wp-json\/wp\/v2\/pages"}],"about":[{"href":"https:\/\/scuole-mmtp.ch\/index\/wp-json\/wp\/v2\/types\/page"}],"author":[{"embeddable":true,"href":"https:\/\/scuole-mmtp.ch\/index\/wp-json\/wp\/v2\/users\/1"}],"replies":[{"embeddable":true,"href":"https:\/\/scuole-mmtp.ch\/index\/wp-json\/wp\/v2\/comments?post=2182"}],"version-history":[{"count":106,"href":"https:\/\/scuole-mmtp.ch\/index\/wp-json\/wp\/v2\/pages\/2182\/revisions"}],"predecessor-version":[{"id":6260,"href":"https:\/\/scuole-mmtp.ch\/index\/wp-json\/wp\/v2\/pages\/2182\/revisions\/6260"}],"wp:attachment":[{"href":"https:\/\/scuole-mmtp.ch\/index\/wp-json\/wp\/v2\/media?parent=2182"}],"curies":[{"name":"wp","href":"https:\/\/api.w.org\/{rel}","templated":true}]}}