{"id":2169,"date":"2020-07-22T15:56:09","date_gmt":"2020-07-22T13:56:09","guid":{"rendered":"https:\/\/istituti.swissbix.com\/index\/?page_id=2169"},"modified":"2025-12-23T14:22:18","modified_gmt":"2025-12-23T12:22:18","slug":"se-pura","status":"publish","type":"page","link":"https:\/\/scuole-mmtp.ch\/index\/se-pura\/","title":{"rendered":"Scuola Elementare di Pura"},"content":{"rendered":"<p><div class=\"fusion-fullwidth fullwidth-box fusion-builder-row-1 nonhundred-percent-fullwidth non-hundred-percent-height-scrolling\" style=\"--awb-background-position:left top;--awb-border-sizes-top:0px;--awb-border-sizes-bottom:0px;--awb-border-sizes-left:0px;--awb-border-sizes-right:0px;--awb-border-radius-top-left:0px;--awb-border-radius-top-right:0px;--awb-border-radius-bottom-right:0px;--awb-border-radius-bottom-left:0px;--awb-padding-top:90px;--awb-padding-bottom:0px;--awb-background-color:#ffffff;--awb-flex-wrap:wrap;\" ><div class=\"fusion-builder-row fusion-row\"><div class=\"fusion-layout-column fusion_builder_column fusion-builder-column-0 fusion_builder_column_1_1 1_1 fusion-one-full fusion-column-first fusion-column-last\" style=\"--awb-bg-size:cover;\"><div class=\"fusion-column-wrapper fusion-column-has-shadow fusion-flex-column-wrapper-legacy\"><div class=\"fusion-text fusion-text-1\"><h2 style=\"text-align: left;\">Ultime comunicazioni<\/h2>\n<\/div><div class=\"fusion-text fusion-text-2\"><p style=\"font-size: 20px; text-align: left;\">Le ultime novit\u00e0 relative alla SE di Pura.<\/p>\n<\/div><div class=\"fusion-sep-clear\"><\/div><div class=\"fusion-separator fusion-clearfix\" style=\"float:left;margin-top:15px;margin-bottom:45px;width:100%;max-width:170px;\"><div class=\"fusion-separator-border sep-single sep-solid\" style=\"--awb-height:20px;--awb-amount:20px;--awb-sep-color:#902632;border-color:#902632;border-top-width:1px;\"><\/div><\/div><div class=\"fusion-sep-clear\"><\/div><div class=\"fusion-recent-posts fusion-recent-posts-1 avada-container layout-date-on-side layout-columns-3 fusion-recent-posts-infinite fusion-recent-posts-load-more\" data-pages=\"3\"><section class=\"fusion-columns columns fusion-columns-3 columns-3\"><article class=\"post fusion-column column col col-lg-4 col-md-4 col-sm-4\"><div class=\"fusion-date-and-formats\"><div class=\"fusion-date-box updated\"><span class=\"fusion-date\">27<\/span><span class=\"fusion-month-year\">03, 2026<\/span><\/div><div class=\"fusion-format-box\"><i class=\"awb-icon-pen\" aria-hidden=\"true\"><\/i><\/div><\/div><div class=\"recent-posts-content\"><span class=\"vcard\" style=\"display: none;\"><span class=\"fn\"><a href=\"https:\/\/scuole-mmtp.ch\/index\/author\/sb_admin\/\" title=\"Articoli scritti da sb_admin\" rel=\"author\">sb_admin<\/a><\/span><\/span><span class=\"updated\" style=\"display:none;\">2026-03-27T10:55:35+02:00<\/span><h4 class=\"entry-title\"><a href=\"https:\/\/scuole-mmtp.ch\/index\/tribu-del-bosco\/\">Trib\u00f9 del bosco<\/a><\/h4><p class=\"meta\"><span class=\"vcard\" style=\"display: none;\"><span class=\"fn\"><a href=\"https:\/\/scuole-mmtp.ch\/index\/author\/sb_admin\/\" title=\"Articoli scritti da sb_admin\" rel=\"author\">sb_admin<\/a><\/span><\/span><span class=\"updated\" style=\"display:none;\">2026-03-27T10:55:35+02:00<\/span><\/p><p>Sono aperte le iscrizioni alla proposta extrascolastica Trib\u00f9 del bosco (doposcuola in natura) pensata per i bambini di et\u00e0 compresa tra i 6 e 11 anni. Locandina \/ informazioni<\/p><\/div><\/article><article class=\"post fusion-column column col col-lg-4 col-md-4 col-sm-4\"><div class=\"fusion-date-and-formats\"><div class=\"fusion-date-box updated\"><span class=\"fusion-date\">27<\/span><span class=\"fusion-month-year\">03, 2026<\/span><\/div><div class=\"fusion-format-box\"><i class=\"awb-icon-pen\" aria-hidden=\"true\"><\/i><\/div><\/div><div class=\"recent-posts-content\"><span class=\"vcard\" style=\"display: none;\"><span class=\"fn\"><a href=\"https:\/\/scuole-mmtp.ch\/index\/author\/sb_admin\/\" title=\"Articoli scritti da sb_admin\" rel=\"author\">sb_admin<\/a><\/span><\/span><span class=\"updated\" style=\"display:none;\">2026-03-27T10:45:49+02:00<\/span><h4 class=\"entry-title\"><a href=\"https:\/\/scuole-mmtp.ch\/index\/grest-2026\/\">GREST 2026<\/a><\/h4><p class=\"meta\"><span class=\"vcard\" style=\"display: none;\"><span class=\"fn\"><a href=\"https:\/\/scuole-mmtp.ch\/index\/author\/sb_admin\/\" title=\"Articoli scritti da sb_admin\" rel=\"author\">sb_admin<\/a><\/span><\/span><span class=\"updated\" style=\"display:none;\">2026-03-27T10:45:49+02:00<\/span><\/p><p>La direzione scolastica informa che sono aperte le iscrizioni alla colonia estiva Grest. Da quest\u2019anno la proposta si ampia con atelier specifici in differenti discipline. Per maggiori informazioni: Locandina<\/p><\/div><\/article><article class=\"post fusion-column column col col-lg-4 col-md-4 col-sm-4\"><div class=\"fusion-date-and-formats\"><div class=\"fusion-date-box updated\"><span class=\"fusion-date\">24<\/span><span class=\"fusion-month-year\">03, 2026<\/span><\/div><div class=\"fusion-format-box\"><i class=\"awb-icon-pen\" aria-hidden=\"true\"><\/i><\/div><\/div><div class=\"recent-posts-content\"><span class=\"vcard\" style=\"display: none;\"><span class=\"fn\"><a href=\"https:\/\/scuole-mmtp.ch\/index\/author\/sb_admin\/\" title=\"Articoli scritti da sb_admin\" rel=\"author\">sb_admin<\/a><\/span><\/span><span class=\"updated\" style=\"display:none;\">2026-03-24T12:54:31+02:00<\/span><h4 class=\"entry-title\"><a href=\"https:\/\/scuole-mmtp.ch\/index\/lingue-e-sport\/\">Lingue e sport<\/a><\/h4><p class=\"meta\"><span class=\"vcard\" style=\"display: none;\"><span class=\"fn\"><a href=\"https:\/\/scuole-mmtp.ch\/index\/author\/sb_admin\/\" title=\"Articoli scritti da sb_admin\" rel=\"author\">sb_admin<\/a><\/span><\/span><span class=\"updated\" style=\"display:none;\">2026-03-24T12:54:31+02:00<\/span><\/p><p>La direzione scolastica informa che sono aperte le iscrizioni ai corsi di lingue e sport. Quest'anno una novit\u00e0; dal 6 luglio al 17 luglio l'offerta per il nostro territorio prevede la scuola elementare di Novaggio (Lema). Il corso rappresenta un servizio educativo e sportivo rivolto ai bambini con l\u2019obiettivo di offrire durante il periodo estivo un\u2019attivit\u00e0 formativa, ricreativa e di supporto alle famiglie. per maggiori informazioni: Locandina<\/p><\/div><\/article><article class=\"post fusion-column column col col-lg-4 col-md-4 col-sm-4\"><div class=\"fusion-date-and-formats\"><div class=\"fusion-date-box updated\"><span class=\"fusion-date\">2<\/span><span class=\"fusion-month-year\">03, 2026<\/span><\/div><div class=\"fusion-format-box\"><i class=\"awb-icon-pen\" aria-hidden=\"true\"><\/i><\/div><\/div><div class=\"recent-posts-content\"><span class=\"vcard\" style=\"display: none;\"><span class=\"fn\"><a href=\"https:\/\/scuole-mmtp.ch\/index\/author\/sb_admin\/\" title=\"Articoli scritti da sb_admin\" rel=\"author\">sb_admin<\/a><\/span><\/span><span class=\"updated\" style=\"display:none;\">2026-03-02T13:30:05+02:00<\/span><h4 class=\"entry-title\"><a href=\"https:\/\/scuole-mmtp.ch\/index\/attivita-extrascolastiche-2\/\">Attivit\u00e0 extrascolastiche<\/a><\/h4><p class=\"meta\"><span class=\"vcard\" style=\"display: none;\"><span class=\"fn\"><a href=\"https:\/\/scuole-mmtp.ch\/index\/author\/sb_admin\/\" title=\"Articoli scritti da sb_admin\" rel=\"author\">sb_admin<\/a><\/span><\/span><span class=\"updated\" style=\"display:none;\">2026-03-02T13:30:05+02:00<\/span><\/p><p>La direzione informa che vi sono alcune nuove proposte pubblicate nella pagina delle attivit\u00e0 extrascolastiche: Tra queste: Apertura delle iscrizioni alla colonia Malcantonese (locandina) Corso di bicicletta per bambini (locandina) Tra le iniziative anche sostenute dai comuni: Domeniche insieme (locandina prossimi appuntamenti) Corsi di musica ad Astano (Locandina) Vai alla pagina con tutte le proposte attuali e passate.<\/p><\/div><\/article><article class=\"post fusion-column column col col-lg-4 col-md-4 col-sm-4\"><div class=\"fusion-date-and-formats\"><div class=\"fusion-date-box updated\"><span class=\"fusion-date\">13<\/span><span class=\"fusion-month-year\">02, 2026<\/span><\/div><div class=\"fusion-format-box\"><i class=\"awb-icon-pen\" aria-hidden=\"true\"><\/i><\/div><\/div><div class=\"recent-posts-content\"><span class=\"vcard\" style=\"display: none;\"><span class=\"fn\"><a href=\"https:\/\/scuole-mmtp.ch\/index\/author\/sb_admin\/\" title=\"Articoli scritti da sb_admin\" rel=\"author\">sb_admin<\/a><\/span><\/span><span class=\"updated\" style=\"display:none;\">2026-02-13T16:55:29+02:00<\/span><h4 class=\"entry-title\"><a href=\"https:\/\/scuole-mmtp.ch\/index\/scoprire-ladhd\/\">Scoprire l&#8217;ADHD<\/a><\/h4><p class=\"meta\"><span class=\"vcard\" style=\"display: none;\"><span class=\"fn\"><a href=\"https:\/\/scuole-mmtp.ch\/index\/author\/sb_admin\/\" title=\"Articoli scritti da sb_admin\" rel=\"author\">sb_admin<\/a><\/span><\/span><span class=\"updated\" style=\"display:none;\">2026-02-13T16:55:29+02:00<\/span><\/p><p>Conferenza sull'ADHD Luned\u00ec 23 febbraio presso l'aula magna delle scuole medie di Balerna dalle 19:45 alle 22:45 Relatrice: Giovanna Bagutti Tutor e formatrice dell'apprendimento DSA\/ADHD Scarica la locandina<\/p><\/div><\/article><article class=\"post fusion-column column col col-lg-4 col-md-4 col-sm-4\"><div class=\"fusion-date-and-formats\"><div class=\"fusion-date-box updated\"><span class=\"fusion-date\">13<\/span><span class=\"fusion-month-year\">01, 2026<\/span><\/div><div class=\"fusion-format-box\"><i class=\"awb-icon-pen\" aria-hidden=\"true\"><\/i><\/div><\/div><div class=\"recent-posts-content\"><span class=\"vcard\" style=\"display: none;\"><span class=\"fn\"><a href=\"https:\/\/scuole-mmtp.ch\/index\/author\/sb_admin\/\" title=\"Articoli scritti da sb_admin\" rel=\"author\">sb_admin<\/a><\/span><\/span><span class=\"updated\" style=\"display:none;\">2026-01-13T20:32:38+02:00<\/span><h4 class=\"entry-title\"><a href=\"https:\/\/scuole-mmtp.ch\/index\/rubrica-valutativa-informazione-per-le-famiglie\/\">Rubrica valutativa &#8211; Informazione per le famiglie<\/a><\/h4><p class=\"meta\"><span class=\"vcard\" style=\"display: none;\"><span class=\"fn\"><a href=\"https:\/\/scuole-mmtp.ch\/index\/author\/sb_admin\/\" title=\"Articoli scritti da sb_admin\" rel=\"author\">sb_admin<\/a><\/span><\/span><span class=\"updated\" style=\"display:none;\">2026-01-13T20:32:38+02:00<\/span><\/p><p>Nelle prossime settimane \u00e8 prevista la consegna delle valutazioni intermedie, accompagnata da un colloquio individuale. In allegato al documento ufficiale di valutazione degli allievi di 2\u00aa, 3\u00aa, 4\u00aa e 5\u00aa elementare sar\u00e0 presente una rubrica valutativa.La rubrica \u00e8 uno strumento descrittivo, elaborato dai docenti dei nostri istituti, che permette di rendere pi\u00f9 visibili i processi di apprendimento, con particolare attenzione a come l\u2019allievo interpreta le consegne e le situazioni proposte, come agisce e come si autoregola nel proprio lavoro. Non si tratta di un voto aggiuntivo n\u00e9 di una valutazione supplementare, ma di un supporto pensato per offrire una lettura pi\u00f9 completa e formativa del percorso di apprendimento. Per una presentazione pi\u00f9 dettagliata dello strumento \u00e8 possibile consultare la lettera informativa alle famiglie.<\/p><\/div><\/article><article class=\"post fusion-column column col col-lg-4 col-md-4 col-sm-4\"><div class=\"fusion-date-and-formats\"><div class=\"fusion-date-box updated\"><span class=\"fusion-date\">18<\/span><span class=\"fusion-month-year\">11, 2025<\/span><\/div><div class=\"fusion-format-box\"><i class=\"awb-icon-pen\" aria-hidden=\"true\"><\/i><\/div><\/div><div class=\"recent-posts-content\"><span class=\"vcard\" style=\"display: none;\"><span class=\"fn\"><a href=\"https:\/\/scuole-mmtp.ch\/index\/author\/sb_admin\/\" title=\"Articoli scritti da sb_admin\" rel=\"author\">sb_admin<\/a><\/span><\/span><span class=\"updated\" style=\"display:none;\">2025-11-18T12:51:27+02:00<\/span><h4 class=\"entry-title\"><a href=\"https:\/\/scuole-mmtp.ch\/index\/sfera-kids-caslano\/\">Sfera KIDS &#8211; Caslano<\/a><\/h4><p class=\"meta\"><span class=\"vcard\" style=\"display: none;\"><span class=\"fn\"><a href=\"https:\/\/scuole-mmtp.ch\/index\/author\/sb_admin\/\" title=\"Articoli scritti da sb_admin\" rel=\"author\">sb_admin<\/a><\/span><\/span><span class=\"updated\" style=\"display:none;\">2025-11-18T12:51:27+02:00<\/span><\/p><p>Il Municipio di Pura invita le famiglie alla serata informativa di mercoled\u00ec 26 novembre 2025 alle ore 20.00 presso la sala multiuso della scuola elementare di Caslano, organizzata dal Comune di Caslano in collaborazione con AGAPE, durante la quale verr\u00e0 presentata l\u2019associazione, l\u2019attivit\u00e0 e il nuovo progetto Extrascolastico Sfera KIDS. Invito per le famiglie<\/p><\/div><\/article><article class=\"post fusion-column column col col-lg-4 col-md-4 col-sm-4\"><div class=\"fusion-date-and-formats\"><div class=\"fusion-date-box updated\"><span class=\"fusion-date\">30<\/span><span class=\"fusion-month-year\">10, 2025<\/span><\/div><div class=\"fusion-format-box\"><i class=\"awb-icon-pen\" aria-hidden=\"true\"><\/i><\/div><\/div><div class=\"recent-posts-content\"><span class=\"vcard\" style=\"display: none;\"><span class=\"fn\"><a href=\"https:\/\/scuole-mmtp.ch\/index\/author\/sb_admin\/\" title=\"Articoli scritti da sb_admin\" rel=\"author\">sb_admin<\/a><\/span><\/span><span class=\"updated\" style=\"display:none;\">2025-10-30T11:36:49+02:00<\/span><h4 class=\"entry-title\"><a href=\"https:\/\/scuole-mmtp.ch\/index\/assemblea-genitori-pura-2\/\">Assemblea genitori Pura<\/a><\/h4><p class=\"meta\"><span class=\"vcard\" style=\"display: none;\"><span class=\"fn\"><a href=\"https:\/\/scuole-mmtp.ch\/index\/author\/sb_admin\/\" title=\"Articoli scritti da sb_admin\" rel=\"author\">sb_admin<\/a><\/span><\/span><span class=\"updated\" style=\"display:none;\">2025-10-30T11:36:49+02:00<\/span><\/p><p>\u00c8 convocata l'assemblea dei genitori dell'Istituto scolastico comunale di Pura. Data: Marted\u00ec 11 novembre 2025 Orario: 20:00 Luogo: Aula Magna, scuola elementare di Pura Lettera d'invito<\/p><\/div><\/article><article class=\"post fusion-column column col col-lg-4 col-md-4 col-sm-4\"><div class=\"fusion-date-and-formats\"><div class=\"fusion-date-box updated\"><span class=\"fusion-date\">13<\/span><span class=\"fusion-month-year\">10, 2025<\/span><\/div><div class=\"fusion-format-box\"><i class=\"awb-icon-pen\" aria-hidden=\"true\"><\/i><\/div><\/div><div class=\"recent-posts-content\"><span class=\"vcard\" style=\"display: none;\"><span class=\"fn\"><a href=\"https:\/\/scuole-mmtp.ch\/index\/author\/sb_admin\/\" title=\"Articoli scritti da sb_admin\" rel=\"author\">sb_admin<\/a><\/span><\/span><span class=\"updated\" style=\"display:none;\">2025-10-13T18:27:30+02:00<\/span><h4 class=\"entry-title\"><a href=\"https:\/\/scuole-mmtp.ch\/index\/media-digitali\/\">Media digitali<\/a><\/h4><p class=\"meta\"><span class=\"vcard\" style=\"display: none;\"><span class=\"fn\"><a href=\"https:\/\/scuole-mmtp.ch\/index\/author\/sb_admin\/\" title=\"Articoli scritti da sb_admin\" rel=\"author\">sb_admin<\/a><\/span><\/span><span class=\"updated\" style=\"display:none;\">2025-10-13T18:27:30+02:00<\/span><\/p><p><\/p><p>Da tempo i media digitali e la tecnologia fanno parte della quotidianit\u00e0 delle nostre vite. \u00c8 cos\u00ec anche per molti bambini, naturalmente incuriositi, che dalla pi\u00f9 tenera et\u00e0 osservano come noi adulti li utilizziamo. <a href=\"https:\/\/scuole-mmtp.ch\/index\/media-digitali\/\"> Leggi tutto<\/a><\/p>\n<\/div><\/article><\/section><div class=\"fusion-infinite-scroll-trigger\"><\/div><div class=\"pagination infinite-scroll clearfix\" style=\"display:none;\"><span class=\"current\">1<\/span><a href=\"https:\/\/scuole-mmtp.ch\/index\/wp-json\/wp\/v2\/pages\/2169\/page\/2\/\" class=\"inactive\">2<\/a><a class=\"pagination-next\" rel=\"next\" href=\"https:\/\/scuole-mmtp.ch\/index\/wp-json\/wp\/v2\/pages\/2169\/page\/2\/\"><span class=\"page-text\">Prossimo<\/span><span class=\"page-next\"><\/span><\/a><\/div><div class=\"fusion-clearfix\"><\/div><button class=\"fusion-load-more-button fusion-blog-button fusion-clearfix\">Carica altri articoli<\/button><\/div><div class=\"fusion-clearfix\"><\/div><\/div><\/div><\/div><\/div><div class=\"fusion-fullwidth fullwidth-box fusion-builder-row-2 nonhundred-percent-fullwidth non-hundred-percent-height-scrolling\" style=\"--awb-background-position:left top;--awb-border-sizes-top:0px;--awb-border-sizes-bottom:0px;--awb-border-sizes-left:0px;--awb-border-sizes-right:0px;--awb-border-radius-top-left:0px;--awb-border-radius-top-right:0px;--awb-border-radius-bottom-right:0px;--awb-border-radius-bottom-left:0px;--awb-padding-top:0px;--awb-padding-bottom:0px;--awb-background-color:#ffffff;--awb-flex-wrap:wrap;\" ><div class=\"fusion-builder-row fusion-row\"><div class=\"fusion-layout-column fusion_builder_column fusion-builder-column-1 fusion_builder_column_1_1 1_1 fusion-one-full fusion-column-first fusion-column-last\" style=\"--awb-bg-size:cover;\"><div class=\"fusion-column-wrapper fusion-column-has-shadow fusion-flex-column-wrapper-legacy\"><div class=\"fusion-sep-clear\"><\/div><div class=\"fusion-separator fusion-full-width-sep\" style=\"margin-left: auto;margin-right: auto;margin-bottom:50px;width:100%;\"><div class=\"fusion-separator-border sep-single sep-solid\" style=\"--awb-height:20px;--awb-amount:20px;--awb-sep-color:#ede8e8;border-color:#ede8e8;border-top-width:1px;\"><\/div><\/div><div class=\"fusion-sep-clear\"><\/div><div class=\"fusion-clearfix\"><\/div><\/div><\/div><div class=\"fusion-layout-column fusion_builder_column fusion-builder-column-2 fusion_builder_column_1_3 1_3 fusion-one-third fusion-column-first\" style=\"--awb-bg-size:cover;width:30.6666%; margin-right: 4%;\"><div class=\"fusion-column-wrapper fusion-flex-column-wrapper-legacy\"><div class=\"fusion-text fusion-text-3\"><h2 style=\"text-align: left;\">Documenti della scuola<\/h2>\n<\/div><div class=\"fusion-text fusion-text-4\"><p style=\"font-size: 20px; text-align: left;\">Documenti utili per i genitori.<\/p>\n<\/div><div class=\"fusion-sep-clear\"><\/div><div class=\"fusion-separator fusion-clearfix\" style=\"float:left;margin-top:15px;margin-bottom:45px;width:100%;max-width:170px;\"><div class=\"fusion-separator-border sep-single sep-solid\" style=\"--awb-height:20px;--awb-amount:20px;--awb-sep-color:#902632;border-color:#902632;border-top-width:1px;\"><\/div><\/div><div class=\"fusion-sep-clear\"><\/div><div class=\"fusion-align-block\"><a class=\"fusion-button button-flat fusion-button-default-size button-default fusion-button-default button-1 fusion-button-default-span fusion-button-default-type\" style=\"width:calc(100%);\" target=\"_blank\" rel=\"noopener noreferrer\" href=\"https:\/\/scuole-mmtp.ch\/index\/wp-content\/uploads\/2025\/07\/M-029-Disposizioni-specifiche-PURA-AS-2025-26.pdf\"><span class=\"fusion-button-text awb-button__text awb-button__text--default\">Disposizioni specifiche<\/span><\/a><\/div><div class=\"fusion-sep-clear\"><\/div><div class=\"fusion-separator fusion-full-width-sep\" style=\"margin-left: auto;margin-right: auto;margin-top:10px;width:100%;\"><\/div><div class=\"fusion-sep-clear\"><\/div><div class=\"fusion-align-block\"><a class=\"fusion-button button-flat fusion-button-default-size button-default fusion-button-default button-2 fusion-button-default-span fusion-button-default-type\" style=\"width:calc(100%);\" target=\"_blank\" rel=\"noopener noreferrer\" href=\"https:\/\/scuole-mmtp.ch\/index\/wp-content\/uploads\/2022\/07\/Regolamento-mensa-Pura.pdf\"><span class=\"fusion-button-text awb-button__text awb-button__text--default\">Mensa: Regolamento<\/span><\/a><\/div><div class=\"fusion-sep-clear\"><\/div><div class=\"fusion-separator fusion-full-width-sep\" style=\"margin-left: auto;margin-right: auto;margin-top:10px;width:100%;\"><\/div><div class=\"fusion-sep-clear\"><\/div><div class=\"fusion-align-block\"><a class=\"fusion-button button-flat fusion-button-default-size button-default fusion-button-default button-3 fusion-button-default-span fusion-button-default-type\" style=\"width:calc(100%);\" target=\"_blank\" rel=\"noopener noreferrer\" href=\"https:\/\/scuole-mmtp.ch\/index\/wp-content\/uploads\/2025\/07\/Formulario-iscrizione-Mensa-Pura-25-26.pdf\"><span class=\"fusion-button-text awb-button__text awb-button__text--default\">Mensa: Formulario d&#8217;iscrizione<\/span><\/a><\/div><div class=\"fusion-sep-clear\"><\/div><div class=\"fusion-separator fusion-full-width-sep\" style=\"margin-left: auto;margin-right: auto;margin-top:10px;width:100%;\"><\/div><div class=\"fusion-sep-clear\"><\/div><div class=\"fusion-align-block\"><a class=\"fusion-button button-flat fusion-button-default-size button-default fusion-button-default button-4 fusion-button-default-span fusion-button-default-type\" style=\"width:calc(100%);\" target=\"_blank\" rel=\"noopener noreferrer\" href=\"https:\/\/scuole-mmtp.ch\/index\/wp-content\/uploads\/2021\/09\/M-037-Disposizioni-specifiche-per-educazione-fisica.pdf\"><span class=\"fusion-button-text awb-button__text awb-button__text--default\">Educazione Fisica<\/span><\/a><\/div><div class=\"fusion-sep-clear\"><\/div><div class=\"fusion-separator fusion-full-width-sep\" style=\"margin-left: auto;margin-right: auto;margin-top:10px;width:100%;\"><\/div><div class=\"fusion-sep-clear\"><\/div><div class=\"fusion-align-block\"><a class=\"fusion-button button-flat fusion-button-default-size button-default fusion-button-default button-5 fusion-button-default-span fusion-button-default-type\" style=\"width:calc(100%);\" target=\"_blank\" rel=\"noopener noreferrer\" href=\"https:\/\/scuole-mmtp.ch\/index\/wp-content\/uploads\/2022\/08\/M-039-Liberatoria-controllo-pediculosi.pdf\"><span class=\"fusion-button-text awb-button__text awb-button__text--default\">Formulario Pediculosi<\/span><\/a><\/div><div class=\"fusion-clearfix\"><\/div><\/div><\/div><div class=\"fusion-layout-column fusion_builder_column fusion-builder-column-3 fusion_builder_column_1_3 1_3 fusion-one-third\" style=\"--awb-bg-size:cover;width:30.6666%; margin-right: 4%;\"><div class=\"fusion-column-wrapper fusion-column-has-shadow fusion-flex-column-wrapper-legacy\"><div class=\"fusion-text fusion-text-5\"><h2 style=\"text-align: left;\">Documenti generali<\/h2>\n<\/div><div class=\"fusion-text fusion-text-6\"><p style=\"font-size: 20px; text-align: left;\">Documenti comuni a tutti gli istituti.<\/p>\n<\/div><div class=\"fusion-sep-clear\"><\/div><div class=\"fusion-separator fusion-clearfix\" style=\"float:left;margin-top:15px;margin-bottom:45px;width:100%;max-width:170px;\"><div class=\"fusion-separator-border sep-single sep-solid\" style=\"--awb-height:20px;--awb-amount:20px;--awb-sep-color:#902632;border-color:#902632;border-top-width:1px;\"><\/div><\/div><div class=\"fusion-sep-clear\"><\/div><div class=\"fusion-align-block\"><a class=\"fusion-button button-flat fusion-button-default-size button-default fusion-button-default button-6 fusion-button-default-span fusion-button-default-type\" style=\"width:calc(100%);\" target=\"_blank\" rel=\"noopener noreferrer\" href=\"https:\/\/scuole-mmtp.ch\/index\/wp-content\/uploads\/2025\/07\/M-028-Disposizioni-generali-anno-2025-26.pdf\"><span class=\"fusion-button-text awb-button__text awb-button__text--default\">Disposizioni generali per le famiglie<\/span><\/a><\/div><div class=\"fusion-sep-clear\"><\/div><div class=\"fusion-separator fusion-full-width-sep\" style=\"margin-left: auto;margin-right: auto;margin-top:10px;width:100%;\"><\/div><div class=\"fusion-sep-clear\"><\/div><div class=\"fusion-align-block\"><a class=\"fusion-button button-flat fusion-button-default-size button-default fusion-button-default button-7 fusion-button-default-span fusion-button-default-type\" style=\"width:calc(100%);\" target=\"_blank\" rel=\"noopener noreferrer\" href=\"https:\/\/scuole-mmtp.ch\/index\/wp-content\/uploads\/2025\/07\/Regolamento-istituti-Lema-Medio-Malcantone-Tresa-e-Pura-vers.-17.07.2025.pdf\"><span class=\"fusion-button-text awb-button__text awb-button__text--default\">Regolamento d\u2019istituto<\/span><\/a><\/div><div class=\"fusion-sep-clear\"><\/div><div class=\"fusion-separator fusion-full-width-sep\" style=\"margin-left: auto;margin-right: auto;margin-top:10px;width:100%;\"><\/div><div class=\"fusion-sep-clear\"><\/div><div class=\"fusion-align-block\"><a class=\"fusion-button button-flat fusion-button-default-size button-default fusion-button-default button-8 fusion-button-default-span fusion-button-default-type\" style=\"width:calc(100%);\" target=\"_blank\" rel=\"noopener noreferrer\" href=\"https:\/\/scuole-mmtp.ch\/index\/wp-content\/uploads\/2026\/01\/Informazioni-per-i-genitori-Iscrizioni-SI-MMTP-2026-27.pdf\"><span class=\"fusion-button-text awb-button__text awb-button__text--default\">Presentazione iscrizioni SI AS 2026-27 (NUOVO)<\/span><\/a><\/div><div class=\"fusion-sep-clear\"><\/div><div class=\"fusion-separator fusion-full-width-sep\" style=\"margin-left: auto;margin-right: auto;margin-top:10px;width:100%;\"><\/div><div class=\"fusion-sep-clear\"><\/div><div class=\"fusion-align-block\"><a class=\"fusion-button button-flat fusion-button-default-size button-default fusion-button-default button-9 fusion-button-default-span fusion-button-default-type\" style=\"width:calc(100%);\" target=\"_blank\" rel=\"noopener noreferrer\" href=\"https:\/\/scuole-mmtp.ch\/index\/wp-content\/uploads\/2024\/07\/M-031-Formulario-iscrizione-SI-MMTP-senza-AS.pdf\"><span class=\"fusion-button-text awb-button__text awb-button__text--default\">Formulario d\u2019iscrizione SI<\/span><\/a><\/div><div class=\"fusion-sep-clear\"><\/div><div class=\"fusion-separator fusion-full-width-sep\" style=\"margin-left: auto;margin-right: auto;margin-top:10px;width:100%;\"><\/div><div class=\"fusion-sep-clear\"><\/div><div class=\"fusion-align-block\"><a class=\"fusion-button button-flat fusion-button-default-size button-default fusion-button-default button-10 fusion-button-default-span fusion-button-default-type\" style=\"width:calc(100%);\" target=\"_blank\" rel=\"noopener noreferrer\" href=\"https:\/\/www4.ti.ch\/fileadmin\/DSS\/DSP\/UMC\/medicina_scolastica\/Certificato_entrata_scuola_dell_infanzia.pdf\"><span class=\"fusion-button-text awb-button__text awb-button__text--default\">Certificato medico d\u2019entrata SI<\/span><\/a><\/div><div class=\"fusion-sep-clear\"><\/div><div class=\"fusion-separator fusion-full-width-sep\" style=\"margin-left: auto;margin-right: auto;margin-top:10px;width:100%;\"><\/div><div class=\"fusion-sep-clear\"><\/div><div class=\"fusion-align-block\"><a class=\"fusion-button button-flat fusion-button-default-size button-default fusion-button-default button-11 fusion-button-default-span fusion-button-default-type\" style=\"width:calc(100%);\" target=\"_blank\" rel=\"noopener noreferrer\" href=\"https:\/\/scuole-mmtp.ch\/index\/wp-content\/uploads\/2021\/07\/M-031-Formulario-iscrizione-SE-VUOTO-senza-AS.pdf\"><span class=\"fusion-button-text awb-button__text awb-button__text--default\">Formulario d\u2019iscrizione SE<\/span><\/a><\/div><div class=\"fusion-sep-clear\"><\/div><div class=\"fusion-separator fusion-full-width-sep\" style=\"margin-left: auto;margin-right: auto;margin-top:10px;width:100%;\"><\/div><div class=\"fusion-sep-clear\"><\/div><div class=\"fusion-align-block\"><a class=\"fusion-button button-flat fusion-button-default-size button-default fusion-button-default button-12 fusion-button-default-span fusion-button-default-type\" style=\"width:calc(100%);\" target=\"_blank\" rel=\"noopener noreferrer\" href=\"https:\/\/scuole-mmtp.ch\/index\/wp-content\/uploads\/2022\/07\/M-012-Autorizzazioni-presa-a-carico-da-parte-di-terze-persone-A5.pdf\"><span class=\"fusion-button-text awb-button__text awb-button__text--default\">Autorizzazioni presa a carico da parte di terze persone<\/span><\/a><\/div><div class=\"fusion-sep-clear\"><\/div><div class=\"fusion-separator fusion-full-width-sep\" style=\"margin-left: auto;margin-right: auto;margin-top:10px;width:100%;\"><\/div><div class=\"fusion-sep-clear\"><\/div><div class=\"fusion-align-block\"><a class=\"fusion-button button-flat fusion-button-default-size button-default fusion-button-default button-13 fusion-button-default-span fusion-button-default-type\" style=\"width:calc(100%);\" target=\"_blank\" rel=\"noopener noreferrer\" href=\"https:\/\/scuole-mmtp.ch\/index\/wp-content\/uploads\/2022\/07\/M-011-Liberatoria-per-lutilizzo-di-immagini-degli-allievi-A5.pdf\"><span class=\"fusion-button-text awb-button__text awb-button__text--default\">Liberatoria per l\u2019utilizzo di immagini<\/span><\/a><\/div><div class=\"fusion-sep-clear\"><\/div><div class=\"fusion-separator fusion-full-width-sep\" style=\"margin-left: auto;margin-right: auto;margin-top:10px;width:100%;\"><\/div><div class=\"fusion-sep-clear\"><\/div><div class=\"fusion-align-block\"><a class=\"fusion-button button-flat fusion-button-default-size button-default fusion-button-default button-14 fusion-button-default-span fusion-button-default-type\" style=\"width:calc(100%);\" target=\"_blank\" rel=\"noopener noreferrer\" href=\"https:\/\/scuole-mmtp.ch\/index\/wp-content\/uploads\/2021\/07\/M-035-Percorso-casa-scuola-in-bicicletta.pdf\"><span class=\"fusion-button-text awb-button__text awb-button__text--default\">Percorso casa-scuola in bicicletta<\/span><\/a><\/div><div class=\"fusion-sep-clear\"><\/div><div class=\"fusion-separator fusion-full-width-sep\" style=\"margin-left: auto;margin-right: auto;margin-top:10px;width:100%;\"><\/div><div class=\"fusion-sep-clear\"><\/div><div class=\"fusion-align-block\"><a class=\"fusion-button button-flat fusion-button-default-size button-default fusion-button-default button-15 fusion-button-default-span fusion-button-default-type\" style=\"width:calc(100%);\" target=\"_blank\" rel=\"noopener noreferrer\" href=\"https:\/\/scuole-mmtp.ch\/index\/wp-content\/uploads\/2021\/07\/M-001-Richiesta-Deroga-allobbligo-di-frequenza-scolastica-LD.pdf\"><span class=\"fusion-button-text awb-button__text awb-button__text--default\">Richiesta \u2013 Deroga all\u2019obbligo di frequenza scolastica<\/span><\/a><\/div><div class=\"fusion-sep-clear\"><\/div><div class=\"fusion-separator fusion-full-width-sep\" style=\"margin-left: auto;margin-right: auto;margin-top:10px;width:100%;\"><\/div><div class=\"fusion-sep-clear\"><\/div><div class=\"fusion-align-block\"><a class=\"fusion-button button-flat fusion-button-default-size button-default fusion-button-default button-16 fusion-button-default-span fusion-button-default-type\" style=\"width:calc(100%);\" target=\"_blank\" rel=\"noopener noreferrer\" href=\"https:\/\/scuole-mmtp.ch\/index\/wp-content\/uploads\/2020\/09\/pieghevoleSSP-def-corr-stampa-docenti.pdf\"><span class=\"fusion-button-text awb-button__text awb-button__text--default\">Servizio di sostegno pedagogico<\/span><\/a><\/div><div class=\"fusion-sep-clear\"><\/div><div class=\"fusion-separator fusion-full-width-sep\" style=\"margin-left: auto;margin-right: auto;margin-top:10px;width:100%;\"><\/div><div class=\"fusion-sep-clear\"><\/div><div class=\"fusion-align-block\"><a class=\"fusion-button button-flat fusion-button-default-size button-default fusion-button-default button-17 fusion-button-default-span fusion-button-default-type\" style=\"width:calc(100%);\" target=\"_blank\" rel=\"noopener noreferrer\" href=\"https:\/\/www.rsi.ch\/edu\/societa\/Cos%E2%80%99%C3%A8-un-piano-di-studio--2236845.html\"><span class=\"fusion-button-text awb-button__text awb-button__text--default\">Cos\u2019\u00e8 un piano di studio?<\/span><\/a><\/div><div class=\"fusion-clearfix\"><\/div><\/div><\/div>\n<div class=\"fusion-layout-column fusion_builder_column fusion-builder-column-4 fusion_builder_column_1_3 1_3 fusion-one-third fusion-column-last\" style=\"--awb-bg-size:cover;--awb-margin-bottom:6%;width:30.6666%;\"><div class=\"fusion-column-wrapper fusion-column-has-shadow fusion-flex-column-wrapper-legacy\"><div class=\"fusion-text fusion-text-7\"><h2 style=\"text-align: left;\">Collegamenti utili<\/h2>\n<\/div><div class=\"fusion-text fusion-text-8\"><p style=\"font-size: 20px; text-align: left;\">Risorse utili per docenti e genitori.<\/p>\n<\/div><div class=\"fusion-sep-clear\"><\/div><div class=\"fusion-separator fusion-clearfix\" style=\"float:left;margin-top:15px;margin-bottom:45px;width:100%;max-width:170px;\"><div class=\"fusion-separator-border sep-single sep-solid\" style=\"--awb-height:20px;--awb-amount:20px;--awb-sep-color:#902632;border-color:#902632;border-top-width:1px;\"><\/div><\/div><div class=\"fusion-sep-clear\"><\/div><div class=\"fusion-text fusion-text-9\"><ul>\n<li><a href=\"https:\/\/www4.ti.ch\/decs\/ds\/cosa-facciamo\/piano-di-studio-della-scuola-dellobbligo\/\" target=\"_blank\" rel=\"noopener noreferrer\">Piano di studio<\/a><\/li>\n<li><a href=\"https:\/\/scuolalab.edu.ti.ch\/temieprogetti\/pds\/Pagine\/SeSCo\/Apprendere-per-competenze.aspx\">Apprendere per competenze<\/a><\/li>\n<li><a href=\"https:\/\/scuolalab.edu.ti.ch\/officina\/sesco\/disposizioni\">Disposizioni per insegnanti<\/a><\/li>\n<li><a href=\"https:\/\/www4.ti.ch\/decs\/ds\/sim\/cosa-facciamo\/difficolta-di-apprendimento\/sostegno-pedagogico\/\" target=\"_blank\" rel=\"noopener noreferrer\">Servizio di sostegno pedagogico<\/a><\/li>\n<li><a href=\"https:\/\/scuole-mmtp.ch\/index\/wp-content\/uploads\/2024\/09\/200929-flyer_arld_a4_italien_24sept2020.pdf\">Come sviluppare il linguaggio<\/a><\/li>\n<li><a href=\"https:\/\/www4.ti.ch\/fileadmin\/DSS\/DSP\/UMC\/medicina_scolastica\/Misure_sanitarie\/Progetto_di_accoglienza_individualizzato_con_moduli.pdf\">PAI \u2013 Progetto di accoglienza individualizzato<\/a><\/li>\n<li><a href=\"https:\/\/www4.ti.ch\/decs\/cosa-facciamo\/calendario-scolastico\/2024-2025\" target=\"_blank\" rel=\"noopener noreferrer\">Calendari scolastici ufficiali<\/a><\/li>\n<li><a href=\"https:\/\/www4.ti.ch\/dss\/dsp\/umc\/cosa-facciamo\/medicina-scolastica\/raccomandazioni\/\" target=\"_blank\" rel=\"noopener noreferrer\">Opuscoli e direttive di medicina scolastica<\/a><\/li>\n<li><a href=\"https:\/\/www4.ti.ch\/dss\/dsp\/umc\/cosa-facciamo\/medicina-scolastica\/certificati-medici\/\" target=\"_blank\" rel=\"noopener noreferrer\">Certificati ufficiali per i genitori<\/a><\/li>\n<li><a href=\"https:\/\/www4.ti.ch\/decs\/ds\/sesco\/sportello\/formulari-e-moduli\/\" target=\"_blank\" rel=\"noopener noreferrer\">Sezione scuole comunali \u2013 Formulari e moduli<\/a><\/li>\n<li><a href=\"https:\/\/www4.ti.ch\/index.php?id=127815&amp;tx_tichdssdasfcontatti_categoriericerca&#091;parole&#093;=&amp;tx_tichdssdasfcontatti_categoriericerca&#091;tema&#093;=18&amp;tx_tichdssdasfcontatti_categoriericerca&#091;categoria&#093;=26&amp;tx_tichdssdasfcontatti_categoriericerca&#091;regione&#093;=12\">Famiglia \u2013 Lavoro \u2013 Formazione<\/a><\/li>\n<li><a href=\"https:\/\/famigliediurne.ch\/chi-siamo\/luganese\/\">Associazione famiglie diurne<\/a><\/li>\n<li><a href=\"https:\/\/www.agapeticino.com\/\">Associazione AGAPE<\/a><\/li>\n<li><a href=\"https:\/\/www.giovaniemedia.ch\/media-digitali\">Media e giovani<\/a><\/li>\n<\/ul>\n<\/div><div class=\"fusion-sep-clear\"><\/div><div class=\"fusion-separator fusion-full-width-sep\" style=\"margin-left: auto;margin-right: auto;margin-top:10px;width:100%;\"><\/div><div class=\"fusion-sep-clear\"><\/div><div class=\"fusion-clearfix\"><\/div><\/div><\/div>\n<\/div><\/div><div class=\"fusion-fullwidth fullwidth-box fusion-builder-row-3 hundred-percent-fullwidth non-hundred-percent-height-scrolling\" style=\"--awb-border-radius-top-left:0px;--awb-border-radius-top-right:0px;--awb-border-radius-bottom-right:0px;--awb-border-radius-bottom-left:0px;--awb-background-color:#f7f5f4;--awb-flex-wrap:wrap;\" ><div class=\"fusion-builder-row fusion-row\"><div class=\"fusion-layout-column fusion_builder_column fusion-builder-column-5 fusion_builder_column_1_1 1_1 fusion-one-full fusion-column-first fusion-column-last fusion-column-no-min-height\" style=\"--awb-bg-blend:overlay;--awb-bg-size:cover;--awb-margin-top:0px;--awb-margin-bottom:20px;\"><div class=\"fusion-column-wrapper fusion-flex-column-wrapper-legacy\"><div class=\"fusion-section-separator section-separator bigtriangle fusion-section-separator-1\" style=\"--awb-spacer-height:99px;--awb-svg-margin-left:0;--awb-svg-margin-right:0;--awb-divider-height:99px;--awb-spacer-padding-top:inherit;--awb-sep-padding:0;--awb-svg-padding:0;\"><div class=\"fusion-section-separator-svg\"><svg class=\"fusion-big-triangle-candy\" xmlns=\"http:\/\/www.w3.org\/2000\/svg\" version=\"1.1\" width=\"100%\" height=\"100\" viewBox=\"0 0 100 100\" preserveAspectRatio=\"none\" fill=\"rgba(255,255,255,1)\"><path d=\"M-1 -1 L50 99 L101 -1 Z\"><\/path><\/svg><\/div><div class=\"fusion-section-separator-spacer\"><div class=\"fusion-section-separator-spacer-height\"><\/div><\/div><\/div><div class=\"fusion-clearfix\"><\/div><\/div><\/div><\/div><\/div><div class=\"fusion-fullwidth fullwidth-box fusion-builder-row-4 nonhundred-percent-fullwidth non-hundred-percent-height-scrolling fusion-equal-height-columns\" style=\"--awb-background-position:left top;--awb-border-sizes-top:0px;--awb-border-sizes-bottom:0px;--awb-border-sizes-left:0px;--awb-border-sizes-right:0px;--awb-border-radius-top-left:0px;--awb-border-radius-top-right:0px;--awb-border-radius-bottom-right:0px;--awb-border-radius-bottom-left:0px;--awb-padding-top:4%;--awb-padding-bottom:125px;--awb-background-color:#f7f5f4;--awb-flex-wrap:wrap;\" ><div class=\"fusion-builder-row fusion-row\"><div class=\"fusion-layout-column fusion_builder_column fusion-builder-column-6 fusion_builder_column_1_4 1_4 fusion-one-fourth fusion-column-first\" style=\"--awb-bg-size:cover;width:22%; margin-right: 4%;\"><div class=\"fusion-column-wrapper fusion-column-has-shadow fusion-flex-column-wrapper-legacy\"><div class=\"fusion-text fusion-text-10\"><h3>CONTATTI<\/h3>\n<\/div><div class=\"fusion-text fusion-text-11\"><p>Scuola Elementare<br \/>\nVia Posg\u00e9sa 45<br \/>\n6984 Pura<br \/>\nTel. <a href=\"tel:0041916064746\" target=\"_blank\" rel=\"noopener noreferrer\">091 606 47 46<\/a><\/p>\n<\/div><div class=\"fusion-sep-clear\"><\/div><div class=\"fusion-separator fusion-full-width-sep\" style=\"margin-left: auto;margin-right: auto;margin-top:20px;width:100%;\"><\/div><div class=\"fusion-sep-clear\"><\/div><div class=\"fusion-text fusion-text-12\"><h3>CANCELLERIA COMUNALE<\/h3>\n<\/div><div class=\"fusion-text fusion-text-13\"><p>Vai al <a href=\"https:\/\/www.pura.ch\/\" target=\"_blank\" rel=\"noopener noreferrer\">sito del Comune di Pura<\/a>.<\/p>\n<\/div><div class=\"fusion-clearfix\"><\/div><\/div><\/div><div class=\"fusion-layout-column fusion_builder_column fusion-builder-column-7 fusion_builder_column_1_4 1_4 fusion-one-fourth\" style=\"--awb-bg-size:cover;width:22%; margin-right: 4%;\"><div class=\"fusion-column-wrapper fusion-column-has-shadow fusion-flex-column-wrapper-legacy\"><div class=\"fusion-text fusion-text-14\"><h3>ORARI<\/h3>\n<\/div><div class=\"fusion-text fusion-text-15\"><p>Inizio mattino <strong>08.30<\/strong><br \/>\nPausa <strong>10.00-10.15<\/strong><br \/>\nFine mattino <strong>11.45<\/strong><br \/>\nInizio pomeriggio <strong>13.30<br \/>\n<\/strong>Pausa<strong> 15.00 &#8211; 15.15<br \/>\n<\/strong>Fine pomeriggio <strong>16.00<\/strong><\/p>\n<\/div><div class=\"fusion-clearfix\"><\/div><\/div><\/div><div class=\"fusion-layout-column fusion_builder_column fusion-builder-column-8 fusion_builder_column_1_4 1_4 fusion-one-fourth\" style=\"--awb-bg-size:cover;width:22%; margin-right: 4%;\"><div class=\"fusion-column-wrapper fusion-column-has-shadow fusion-flex-column-wrapper-legacy\"><div class=\"fusion-text fusion-text-16\"><h3>INSEGNANTI<\/h3>\n<\/div><div class=\"fusion-text fusion-text-17\"><p>1a-2a<br \/>\nma. Giulia Kunz (<a href=\"mailto:giulia.kunz@edu.ti.ch\" target=\"_blank\" rel=\"noopener noreferrer\">mail<\/a>)<\/p>\n<p>2a-3a<br \/>\nma. Sara Matti (<a href=\"mailto:sara.matti@edu.ti.ch\" target=\"_blank\" rel=\"noopener noreferrer\">mail<\/a>)<\/p>\n<p>4a-5a<br \/>\nmo. Thierry Jaccard (<a href=\"mailto:thierry.jaccard@edu.ti.ch\" target=\"_blank\" rel=\"noopener noreferrer\">mail<\/a>)<\/p>\n<p>Educazione Fisica<br \/>\nma. Jasmine Radaelli (<a href=\"mailto:jasmine.radaelli@edu.ti.ch\" target=\"_blank\" rel=\"noopener noreferrer\">mail<\/a>)<\/p>\n<p>Educazione alle arti plastiche<br \/>\nma. Livia Rei Dagostino (<a href=\"mailto:livia.reidagostino@edu.ti.ch\" target=\"_blank\" rel=\"noopener noreferrer\">mail<\/a>)<\/p>\n<p>Educazione musicale<br \/>\nmo. Giorgio Borsani (<a href=\"mailto:giorgio.borsani@edu.ti.ch\" target=\"_blank\" rel=\"noopener noreferrer\">mail<\/a>)<\/p>\n<p>DSP<br \/>\nSara Pianezza (<a href=\"mailto:sara.pianezza@edu.ti.ch\" target=\"_blank\" rel=\"noopener noreferrer\">mail<\/a>)<\/p>\n<\/div><div class=\"fusion-clearfix\"><\/div><\/div><\/div><div class=\"fusion-layout-column fusion_builder_column fusion-builder-column-9 fusion_builder_column_1_4 1_4 fusion-one-fourth fusion-column-last\" style=\"--awb-bg-size:cover;width:22%;\"><div class=\"fusion-column-wrapper fusion-column-has-shadow fusion-flex-column-wrapper-legacy\"><div class=\"fusion-text fusion-text-18\"><h3>IMMAGINI<\/h3>\n<\/div><div class=\"fusion-text fusion-text-19\"><p>Una selezione di immagini dell&#8217;istituto.<\/p>\n<\/div><div class=\"awb-gallery-wrapper awb-gallery-wrapper-1 button-span-no\"><div style=\"margin:-5px;--awb-bordersize:0px;--awb-columns-medium:100%;--awb-columns-small:100%;\" class=\"fusion-gallery fusion-gallery-container fusion-grid-2 fusion-columns-total-2 fusion-gallery-layout-grid fusion-gallery-1\"><div style=\"padding:5px;\" class=\"fusion-grid-column fusion-gallery-column fusion-gallery-column-2\"><div class=\"fusion-gallery-image fusion-gallery-image-liftup\"><a href=\"https:\/\/scuole-mmtp.ch\/index\/wp-content\/uploads\/2020\/07\/Pura-SI-e-SE-2-min-1.jpg\" rel=\"noreferrer\" data-rel=\"iLightbox[gallery_image_1]\" class=\"fusion-lightbox\" target=\"_self\"><img decoding=\"async\" src=\"https:\/\/scuole-mmtp.ch\/index\/wp-content\/uploads\/2020\/07\/Pura-SI-e-SE-2-min-1-460x295.jpg\" width=\"460\" height=\"295\" alt=\"\" title=\"Pura SI e SE 2\" aria-label=\"Pura SI e SE 2\" class=\"img-responsive wp-image-2611 fusion-gallery-image-size-fixed\"  \/><\/a><\/div><\/div><div style=\"padding:5px;\" class=\"fusion-grid-column fusion-gallery-column fusion-gallery-column-2\"><div class=\"fusion-gallery-image fusion-gallery-image-liftup\"><a href=\"https:\/\/scuole-mmtp.ch\/index\/wp-content\/uploads\/2020\/07\/Pura-SI-e-SE-4-min.jpg\" rel=\"noreferrer\" data-rel=\"iLightbox[gallery_image_1]\" class=\"fusion-lightbox\" target=\"_self\"><img decoding=\"async\" src=\"https:\/\/scuole-mmtp.ch\/index\/wp-content\/uploads\/2020\/07\/Pura-SI-e-SE-4-min-460x295.jpg\" width=\"460\" height=\"295\" alt=\"\" title=\"Pura SI e SE 1\" aria-label=\"Pura SI e SE 1\" class=\"img-responsive wp-image-2610 fusion-gallery-image-size-fixed\"  \/><\/a><\/div><\/div><div class=\"clearfix\"><\/div><\/div><\/div><div class=\"fusion-clearfix\"><\/div><\/div><\/div><\/div><\/div><\/p>\n","protected":false},"excerpt":{"rendered":"","protected":false},"author":1,"featured_media":0,"parent":0,"menu_order":0,"comment_status":"closed","ping_status":"closed","template":"100-width.php","meta":{"footnotes":""},"class_list":["post-2169","page","type-page","status-publish","hentry"],"post_mailing_queue_ids":[],"_links":{"self":[{"href":"https:\/\/scuole-mmtp.ch\/index\/wp-json\/wp\/v2\/pages\/2169","targetHints":{"allow":["GET"]}}],"collection":[{"href":"https:\/\/scuole-mmtp.ch\/index\/wp-json\/wp\/v2\/pages"}],"about":[{"href":"https:\/\/scuole-mmtp.ch\/index\/wp-json\/wp\/v2\/types\/page"}],"author":[{"embeddable":true,"href":"https:\/\/scuole-mmtp.ch\/index\/wp-json\/wp\/v2\/users\/1"}],"replies":[{"embeddable":true,"href":"https:\/\/scuole-mmtp.ch\/index\/wp-json\/wp\/v2\/comments?post=2169"}],"version-history":[{"count":75,"href":"https:\/\/scuole-mmtp.ch\/index\/wp-json\/wp\/v2\/pages\/2169\/revisions"}],"predecessor-version":[{"id":5821,"href":"https:\/\/scuole-mmtp.ch\/index\/wp-json\/wp\/v2\/pages\/2169\/revisions\/5821"}],"wp:attachment":[{"href":"https:\/\/scuole-mmtp.ch\/index\/wp-json\/wp\/v2\/media?parent=2169"}],"curies":[{"name":"wp","href":"https:\/\/api.w.org\/{rel}","templated":true}]}}